{"id":316,"date":"2019-05-16T11:12:53","date_gmt":"2019-05-16T08:12:53","guid":{"rendered":"https:\/\/meripelastus.fi\/uusikaupunki\/?page_id=316"},"modified":"2019-05-17T17:52:58","modified_gmt":"2019-05-17T14:52:58","slug":"60-v-juhlat","status":"publish","type":"page","link":"https:\/\/meripelastus.fi\/uusikaupunki\/toiminta\/60-v-juhlat\/","title":{"rendered":"60 v. juhlat"},"content":{"rendered":"<p>Uudenkaupungin Meripelastajat ry:n 60-vuotista taivalta juhlistettiin 4.5.2019 Golf ravintolassa. Virallinen merkkip\u00e4iv\u00e4 oli 3.5.2019.<\/p>\n<p><img loading=\"lazy\" decoding=\"async\" class=\"alignnone wp-image-329\" src=\"https:\/\/meripelastus.fi\/uusikaupunki\/wp-content\/uploads\/sites\/17\/2019\/05\/juhlav\u00e4ki-1024x686.jpg\" alt=\"\" width=\"600\" height=\"402\" srcset=\"https:\/\/meripelastus.fi\/uusikaupunki\/wp-content\/uploads\/sites\/17\/2019\/05\/juhlav\u00e4ki-1024x686.jpg 1024w, https:\/\/meripelastus.fi\/uusikaupunki\/wp-content\/uploads\/sites\/17\/2019\/05\/juhlav\u00e4ki-300x201.jpg 300w, https:\/\/meripelastus.fi\/uusikaupunki\/wp-content\/uploads\/sites\/17\/2019\/05\/juhlav\u00e4ki-768x514.jpg 768w, https:\/\/meripelastus.fi\/uusikaupunki\/wp-content\/uploads\/sites\/17\/2019\/05\/juhlav\u00e4ki.jpg 1195w\" sizes=\"auto, (max-width: 600px) 100vw, 600px\" \/><\/p>\n<p>Juhlav\u00e4ki on asettunut paikalleen ja juhlat voi alkaa.<\/p>\n<p><img loading=\"lazy\" decoding=\"async\" class=\"alignnone wp-image-325\" src=\"https:\/\/meripelastus.fi\/uusikaupunki\/wp-content\/uploads\/sites\/17\/2019\/05\/PJ_avauspuhe-1024x686.jpg\" alt=\"\" width=\"600\" height=\"402\" srcset=\"https:\/\/meripelastus.fi\/uusikaupunki\/wp-content\/uploads\/sites\/17\/2019\/05\/PJ_avauspuhe-1024x686.jpg 1024w, https:\/\/meripelastus.fi\/uusikaupunki\/wp-content\/uploads\/sites\/17\/2019\/05\/PJ_avauspuhe-300x201.jpg 300w, https:\/\/meripelastus.fi\/uusikaupunki\/wp-content\/uploads\/sites\/17\/2019\/05\/PJ_avauspuhe-768x514.jpg 768w, https:\/\/meripelastus.fi\/uusikaupunki\/wp-content\/uploads\/sites\/17\/2019\/05\/PJ_avauspuhe.jpg 1195w\" sizes=\"auto, (max-width: 600px) 100vw, 600px\" \/><\/p>\n<p>Vuoden alusta puheenjohtajana aloittanut Juhani Viholainen toivotti juhlavieraat tervetulleeksi.<\/p>\n<p><img loading=\"lazy\" decoding=\"async\" class=\"alignnone wp-image-321\" src=\"https:\/\/meripelastus.fi\/uusikaupunki\/wp-content\/uploads\/sites\/17\/2019\/05\/Jori_K\u00f6pi.jpg\" alt=\"\" width=\"400\" height=\"597\" srcset=\"https:\/\/meripelastus.fi\/uusikaupunki\/wp-content\/uploads\/sites\/17\/2019\/05\/Jori_K\u00f6pi.jpg 600w, https:\/\/meripelastus.fi\/uusikaupunki\/wp-content\/uploads\/sites\/17\/2019\/05\/Jori_K\u00f6pi-201x300.jpg 201w\" sizes=\"auto, (max-width: 400px) 100vw, 400px\" \/> \u00a0 <img loading=\"lazy\" decoding=\"async\" class=\"alignnone wp-image-327\" src=\"https:\/\/meripelastus.fi\/uusikaupunki\/wp-content\/uploads\/sites\/17\/2019\/05\/TJ_PJ-1024x686.jpg\" alt=\"\" width=\"500\" height=\"335\" srcset=\"https:\/\/meripelastus.fi\/uusikaupunki\/wp-content\/uploads\/sites\/17\/2019\/05\/TJ_PJ-1024x686.jpg 1024w, https:\/\/meripelastus.fi\/uusikaupunki\/wp-content\/uploads\/sites\/17\/2019\/05\/TJ_PJ-300x201.jpg 300w, https:\/\/meripelastus.fi\/uusikaupunki\/wp-content\/uploads\/sites\/17\/2019\/05\/TJ_PJ-768x514.jpg 768w, https:\/\/meripelastus.fi\/uusikaupunki\/wp-content\/uploads\/sites\/17\/2019\/05\/TJ_PJ.jpg 1195w\" sizes=\"auto, (max-width: 500px) 100vw, 500px\" \/><\/p>\n<p>Seuran toimitusjohtaja Jori Nordstr\u00f6m toi terveiset p\u00e4\u00e4seuran puolesta. Uudenkaupungin Meripelastajat ry:lle luovutettiin plaketti ja K\u00f6pi-koira sai uuden kodin Janne Mal\u00e9nin kummilta Pirkko Kuismalta.<\/p>\n<p><img loading=\"lazy\" decoding=\"async\" class=\"alignnone wp-image-324\" src=\"https:\/\/meripelastus.fi\/uusikaupunki\/wp-content\/uploads\/sites\/17\/2019\/05\/Pirjo_Anneli-201x300.jpg\" alt=\"\" width=\"300\" height=\"448\" srcset=\"https:\/\/meripelastus.fi\/uusikaupunki\/wp-content\/uploads\/sites\/17\/2019\/05\/Pirjo_Anneli-201x300.jpg 201w, https:\/\/meripelastus.fi\/uusikaupunki\/wp-content\/uploads\/sites\/17\/2019\/05\/Pirjo_Anneli.jpg 600w\" sizes=\"auto, (max-width: 300px) 100vw, 300px\" \/> <img loading=\"lazy\" decoding=\"async\" class=\"alignnone wp-image-320\" src=\"https:\/\/meripelastus.fi\/uusikaupunki\/wp-content\/uploads\/sites\/17\/2019\/05\/harrastemerkit-300x201.jpg\" alt=\"\" width=\"500\" height=\"335\" srcset=\"https:\/\/meripelastus.fi\/uusikaupunki\/wp-content\/uploads\/sites\/17\/2019\/05\/harrastemerkit-300x201.jpg 300w, https:\/\/meripelastus.fi\/uusikaupunki\/wp-content\/uploads\/sites\/17\/2019\/05\/harrastemerkit-768x514.jpg 768w, https:\/\/meripelastus.fi\/uusikaupunki\/wp-content\/uploads\/sites\/17\/2019\/05\/harrastemerkit-1024x686.jpg 1024w, https:\/\/meripelastus.fi\/uusikaupunki\/wp-content\/uploads\/sites\/17\/2019\/05\/harrastemerkit.jpg 1195w\" sizes=\"auto, (max-width: 500px) 100vw, 500px\" \/> <img loading=\"lazy\" decoding=\"async\" class=\"alignnone wp-image-317\" src=\"https:\/\/meripelastus.fi\/uusikaupunki\/wp-content\/uploads\/sites\/17\/2019\/05\/ansiomerkit-300x201.jpg\" alt=\"\" width=\"500\" height=\"335\" srcset=\"https:\/\/meripelastus.fi\/uusikaupunki\/wp-content\/uploads\/sites\/17\/2019\/05\/ansiomerkit-300x201.jpg 300w, https:\/\/meripelastus.fi\/uusikaupunki\/wp-content\/uploads\/sites\/17\/2019\/05\/ansiomerkit-768x514.jpg 768w, https:\/\/meripelastus.fi\/uusikaupunki\/wp-content\/uploads\/sites\/17\/2019\/05\/ansiomerkit-1024x686.jpg 1024w, https:\/\/meripelastus.fi\/uusikaupunki\/wp-content\/uploads\/sites\/17\/2019\/05\/ansiomerkit.jpg 1195w\" sizes=\"auto, (max-width: 500px) 100vw, 500px\" \/> <img loading=\"lazy\" decoding=\"async\" class=\"alignnone wp-image-318\" src=\"https:\/\/meripelastus.fi\/uusikaupunki\/wp-content\/uploads\/sites\/17\/2019\/05\/ansiomitalit-300x201.jpg\" alt=\"\" width=\"500\" height=\"335\" srcset=\"https:\/\/meripelastus.fi\/uusikaupunki\/wp-content\/uploads\/sites\/17\/2019\/05\/ansiomitalit-300x201.jpg 300w, https:\/\/meripelastus.fi\/uusikaupunki\/wp-content\/uploads\/sites\/17\/2019\/05\/ansiomitalit-768x514.jpg 768w, https:\/\/meripelastus.fi\/uusikaupunki\/wp-content\/uploads\/sites\/17\/2019\/05\/ansiomitalit-1024x686.jpg 1024w, https:\/\/meripelastus.fi\/uusikaupunki\/wp-content\/uploads\/sites\/17\/2019\/05\/ansiomitalit.jpg 1195w\" sizes=\"auto, (max-width: 500px) 100vw, 500px\" \/><\/p>\n<p><img loading=\"lazy\" decoding=\"async\" class=\"alignnone wp-image-319\" src=\"https:\/\/meripelastus.fi\/uusikaupunki\/wp-content\/uploads\/sites\/17\/2019\/05\/ansioristit-300x201.jpg\" alt=\"\" width=\"500\" height=\"335\" srcset=\"https:\/\/meripelastus.fi\/uusikaupunki\/wp-content\/uploads\/sites\/17\/2019\/05\/ansioristit-300x201.jpg 300w, https:\/\/meripelastus.fi\/uusikaupunki\/wp-content\/uploads\/sites\/17\/2019\/05\/ansioristit-768x514.jpg 768w, https:\/\/meripelastus.fi\/uusikaupunki\/wp-content\/uploads\/sites\/17\/2019\/05\/ansioristit-1024x686.jpg 1024w, https:\/\/meripelastus.fi\/uusikaupunki\/wp-content\/uploads\/sites\/17\/2019\/05\/ansioristit.jpg 1195w\" sizes=\"auto, (max-width: 500px) 100vw, 500px\" \/> <img loading=\"lazy\" decoding=\"async\" class=\"alignnone wp-image-326\" src=\"https:\/\/meripelastus.fi\/uusikaupunki\/wp-content\/uploads\/sites\/17\/2019\/05\/plaketit-300x201.jpg\" alt=\"\" width=\"500\" height=\"335\" srcset=\"https:\/\/meripelastus.fi\/uusikaupunki\/wp-content\/uploads\/sites\/17\/2019\/05\/plaketit-300x201.jpg 300w, https:\/\/meripelastus.fi\/uusikaupunki\/wp-content\/uploads\/sites\/17\/2019\/05\/plaketit-768x514.jpg 768w, https:\/\/meripelastus.fi\/uusikaupunki\/wp-content\/uploads\/sites\/17\/2019\/05\/plaketit-1024x686.jpg 1024w, https:\/\/meripelastus.fi\/uusikaupunki\/wp-content\/uploads\/sites\/17\/2019\/05\/plaketit.jpg 1195w\" sizes=\"auto, (max-width: 500px) 100vw, 500px\" \/><\/p>\n<p>Kuvissa henkil\u00f6t, joille jaettiin ansiokkaasta ty\u00f6st\u00e4 vapaaehtoisen meripelastusty\u00f6n parissa huomionosoitukset.<\/p>\n<p><img loading=\"lazy\" decoding=\"async\" class=\"alignnone wp-image-322\" src=\"https:\/\/meripelastus.fi\/uusikaupunki\/wp-content\/uploads\/sites\/17\/2019\/05\/kunniapuheenjohtaja-201x300.jpg\" alt=\"\" width=\"400\" height=\"597\" srcset=\"https:\/\/meripelastus.fi\/uusikaupunki\/wp-content\/uploads\/sites\/17\/2019\/05\/kunniapuheenjohtaja-201x300.jpg 201w, https:\/\/meripelastus.fi\/uusikaupunki\/wp-content\/uploads\/sites\/17\/2019\/05\/kunniapuheenjohtaja.jpg 600w\" sizes=\"auto, (max-width: 400px) 100vw, 400px\" \/><\/p>\n<p>Pitk\u00e4aikainen puheenjohtaja Jouni Arvonen kutsuttiin Uudenkaupungin Meripelastajat ry:n kunniapuheenjohtajaksi.<\/p>\n<p><img loading=\"lazy\" decoding=\"async\" class=\"alignnone wp-image-323\" src=\"https:\/\/meripelastus.fi\/uusikaupunki\/wp-content\/uploads\/sites\/17\/2019\/05\/muistelot-300x201.jpg\" alt=\"\" width=\"500\" height=\"335\" srcset=\"https:\/\/meripelastus.fi\/uusikaupunki\/wp-content\/uploads\/sites\/17\/2019\/05\/muistelot-300x201.jpg 300w, https:\/\/meripelastus.fi\/uusikaupunki\/wp-content\/uploads\/sites\/17\/2019\/05\/muistelot-768x514.jpg 768w, https:\/\/meripelastus.fi\/uusikaupunki\/wp-content\/uploads\/sites\/17\/2019\/05\/muistelot-1024x686.jpg 1024w, https:\/\/meripelastus.fi\/uusikaupunki\/wp-content\/uploads\/sites\/17\/2019\/05\/muistelot.jpg 1195w\" sizes=\"auto, (max-width: 500px) 100vw, 500px\" \/><\/p>\n<p>Jouni Arvonen muisteli ja kertoi tarinoita menneilt\u00e4 ajoilta.<\/p>\n<p><img loading=\"lazy\" decoding=\"async\" class=\"alignnone wp-image-328\" src=\"https:\/\/meripelastus.fi\/uusikaupunki\/wp-content\/uploads\/sites\/17\/2019\/05\/vauva-300x286.jpg\" alt=\"\" width=\"500\" height=\"476\" srcset=\"https:\/\/meripelastus.fi\/uusikaupunki\/wp-content\/uploads\/sites\/17\/2019\/05\/vauva-300x286.jpg 300w, https:\/\/meripelastus.fi\/uusikaupunki\/wp-content\/uploads\/sites\/17\/2019\/05\/vauva-768x731.jpg 768w, https:\/\/meripelastus.fi\/uusikaupunki\/wp-content\/uploads\/sites\/17\/2019\/05\/vauva.jpg 840w\" sizes=\"auto, (max-width: 500px) 100vw, 500px\" \/><\/p>\n<p>Ja t\u00e4ss\u00e4 kasvaa uusi sukupolvi tulevaisuuden meripelastusty\u00f6h\u00f6n.<\/p>\n<p>L\u00e4mmin kiitos kaikille mukana olleille l\u00e4mminhenkisest\u00e4 ja mukavasta tilaisuudesta!<\/p>\n","protected":false},"excerpt":{"rendered":"<p>Uudenkaupungin Meripelastajat ry:n 60-vuotista taivalta juhlistettiin 4.5.2019 Golf ravintolassa. Virallinen merkkip\u00e4iv\u00e4 oli 3.5.2019. Juhlav\u00e4ki on asettunut paikalleen ja juhlat voi alkaa. Vuoden alusta puheenjohtajana aloittanut Juhani Viholainen toivotti juhlavieraat tervetulleeksi. \u00a0 Seuran toimitusjohtaja Jori Nordstr\u00f6m toi terveiset p\u00e4\u00e4seuran puolesta. Uudenkaupungin Meripelastajat ry:lle luovutettiin plaketti ja K\u00f6pi-koira sai uuden kodin Janne Mal\u00e9nin kummilta Pirkko Kuismalta. Kuvissa [&hellip;]<\/p>\n","protected":false},"author":34,"featured_media":0,"parent":20,"menu_order":0,"comment_status":"closed","ping_status":"closed","template":"","meta":{"_acf_changed":false,"inline_featured_image":false,"footnotes":""},"class_list":["post-316","page","type-page","status-publish","hentry"],"acf":[],"yoast_head":"<!-- This site is optimized with the Yoast SEO Premium plugin v27.4 (Yoast SEO v27.4) - https:\/\/yoast.com\/product\/yoast-seo-premium-wordpress\/ -->\n<title>60 v. juhlat - Uudenkaupungin Meripelastajat<\/title>\n<meta name=\"robots\" content=\"index, follow, max-snippet:-1, max-image-preview:large, max-video-preview:-1\" \/>\n<link rel=\"canonical\" href=\"https:\/\/meripelastus.fi\/uusikaupunki\/toiminta\/60-v-juhlat\/\" \/>\n<meta property=\"og:locale\" content=\"fi_FI\" \/>\n<meta property=\"og:type\" content=\"article\" \/>\n<meta property=\"og:title\" content=\"60 v. juhlat\" \/>\n<meta property=\"og:description\" content=\"Uudenkaupungin Meripelastajat ry:n 60-vuotista taivalta juhlistettiin 4.5.2019 Golf ravintolassa. Virallinen merkkip\u00e4iv\u00e4 oli 3.5.2019. Juhlav\u00e4ki on asettunut paikalleen ja juhlat voi alkaa. Vuoden alusta puheenjohtajana aloittanut Juhani Viholainen toivotti juhlavieraat tervetulleeksi. \u00a0 Seuran toimitusjohtaja Jori Nordstr\u00f6m toi terveiset p\u00e4\u00e4seuran puolesta. Uudenkaupungin Meripelastajat ry:lle luovutettiin plaketti ja K\u00f6pi-koira sai uuden kodin Janne Mal\u00e9nin kummilta Pirkko Kuismalta. Kuvissa [&hellip;]\" \/>\n<meta property=\"og:url\" content=\"https:\/\/meripelastus.fi\/uusikaupunki\/toiminta\/60-v-juhlat\/\" \/>\n<meta property=\"og:site_name\" content=\"Uudenkaupungin Meripelastajat\" \/>\n<meta property=\"article:modified_time\" content=\"2019-05-17T14:52:58+00:00\" \/>\n<meta property=\"og:image\" content=\"https:\/\/meripelastus.fi\/uusikaupunki\/wp-content\/uploads\/sites\/17\/2019\/05\/juhlav\u00e4ki-1024x686.jpg\" \/>\n<meta name=\"twitter:card\" content=\"summary_large_image\" \/>\n<meta name=\"twitter:label1\" content=\"Arvioitu lukuaika\" \/>\n\t<meta name=\"twitter:data1\" content=\"1 minuutti\" \/>\n<script type=\"application\/ld+json\" class=\"yoast-schema-graph\">{\"@context\":\"https:\\\/\\\/schema.org\",\"@graph\":[{\"@type\":\"WebPage\",\"@id\":\"https:\\\/\\\/meripelastus.fi\\\/uusikaupunki\\\/toiminta\\\/60-v-juhlat\\\/\",\"url\":\"https:\\\/\\\/meripelastus.fi\\\/uusikaupunki\\\/toiminta\\\/60-v-juhlat\\\/\",\"name\":\"60 v. juhlat - Uudenkaupungin Meripelastajat\",\"isPartOf\":{\"@id\":\"https:\\\/\\\/meripelastus.fi\\\/uusikaupunki\\\/#website\"},\"primaryImageOfPage\":{\"@id\":\"https:\\\/\\\/meripelastus.fi\\\/uusikaupunki\\\/toiminta\\\/60-v-juhlat\\\/#primaryimage\"},\"image\":{\"@id\":\"https:\\\/\\\/meripelastus.fi\\\/uusikaupunki\\\/toiminta\\\/60-v-juhlat\\\/#primaryimage\"},\"thumbnailUrl\":\"https:\\\/\\\/meripelastus.fi\\\/uusikaupunki\\\/wp-content\\\/uploads\\\/sites\\\/17\\\/2019\\\/05\\\/PJ_avauspuhe-1024x686.jpg\",\"datePublished\":\"2019-05-16T08:12:53+00:00\",\"dateModified\":\"2019-05-17T14:52:58+00:00\",\"breadcrumb\":{\"@id\":\"https:\\\/\\\/meripelastus.fi\\\/uusikaupunki\\\/toiminta\\\/60-v-juhlat\\\/#breadcrumb\"},\"inLanguage\":\"fi\",\"potentialAction\":[{\"@type\":\"ReadAction\",\"target\":[\"https:\\\/\\\/meripelastus.fi\\\/uusikaupunki\\\/toiminta\\\/60-v-juhlat\\\/\"]}]},{\"@type\":\"ImageObject\",\"inLanguage\":\"fi\",\"@id\":\"https:\\\/\\\/meripelastus.fi\\\/uusikaupunki\\\/toiminta\\\/60-v-juhlat\\\/#primaryimage\",\"url\":\"https:\\\/\\\/meripelastus.fi\\\/uusikaupunki\\\/wp-content\\\/uploads\\\/sites\\\/17\\\/2019\\\/05\\\/PJ_avauspuhe.jpg\",\"contentUrl\":\"https:\\\/\\\/meripelastus.fi\\\/uusikaupunki\\\/wp-content\\\/uploads\\\/sites\\\/17\\\/2019\\\/05\\\/PJ_avauspuhe.jpg\",\"width\":1195,\"height\":800},{\"@type\":\"BreadcrumbList\",\"@id\":\"https:\\\/\\\/meripelastus.fi\\\/uusikaupunki\\\/toiminta\\\/60-v-juhlat\\\/#breadcrumb\",\"itemListElement\":[{\"@type\":\"ListItem\",\"position\":1,\"name\":\"Etusivu\",\"item\":\"https:\\\/\\\/meripelastus.fi\\\/uusikaupunki\\\/\"},{\"@type\":\"ListItem\",\"position\":2,\"name\":\"Toiminta\",\"item\":\"https:\\\/\\\/meripelastus.fi\\\/uusikaupunki\\\/toiminta\\\/\"},{\"@type\":\"ListItem\",\"position\":3,\"name\":\"60 v. juhlat\"}]},{\"@type\":\"WebSite\",\"@id\":\"https:\\\/\\\/meripelastus.fi\\\/uusikaupunki\\\/#website\",\"url\":\"https:\\\/\\\/meripelastus.fi\\\/uusikaupunki\\\/\",\"name\":\"Uudenkaupungin Meripelastajat\",\"description\":\"Vapaaehtoiset apunasi vesill\u00e4\",\"potentialAction\":[{\"@type\":\"SearchAction\",\"target\":{\"@type\":\"EntryPoint\",\"urlTemplate\":\"https:\\\/\\\/meripelastus.fi\\\/uusikaupunki\\\/?s={search_term_string}\"},\"query-input\":{\"@type\":\"PropertyValueSpecification\",\"valueRequired\":true,\"valueName\":\"search_term_string\"}}],\"inLanguage\":\"fi\"}]}<\/script>\n<!-- \/ Yoast SEO Premium plugin. -->","yoast_head_json":{"title":"60 v. juhlat - Uudenkaupungin Meripelastajat","robots":{"index":"index","follow":"follow","max-snippet":"max-snippet:-1","max-image-preview":"max-image-preview:large","max-video-preview":"max-video-preview:-1"},"canonical":"https:\/\/meripelastus.fi\/uusikaupunki\/toiminta\/60-v-juhlat\/","og_locale":"fi_FI","og_type":"article","og_title":"60 v. juhlat","og_description":"Uudenkaupungin Meripelastajat ry:n 60-vuotista taivalta juhlistettiin 4.5.2019 Golf ravintolassa. Virallinen merkkip\u00e4iv\u00e4 oli 3.5.2019. Juhlav\u00e4ki on asettunut paikalleen ja juhlat voi alkaa. Vuoden alusta puheenjohtajana aloittanut Juhani Viholainen toivotti juhlavieraat tervetulleeksi. \u00a0 Seuran toimitusjohtaja Jori Nordstr\u00f6m toi terveiset p\u00e4\u00e4seuran puolesta. Uudenkaupungin Meripelastajat ry:lle luovutettiin plaketti ja K\u00f6pi-koira sai uuden kodin Janne Mal\u00e9nin kummilta Pirkko Kuismalta. Kuvissa [&hellip;]","og_url":"https:\/\/meripelastus.fi\/uusikaupunki\/toiminta\/60-v-juhlat\/","og_site_name":"Uudenkaupungin Meripelastajat","article_modified_time":"2019-05-17T14:52:58+00:00","og_image":[{"url":"https:\/\/meripelastus.fi\/uusikaupunki\/wp-content\/uploads\/sites\/17\/2019\/05\/juhlav\u00e4ki-1024x686.jpg","type":"","width":"","height":""}],"twitter_card":"summary_large_image","twitter_misc":{"Arvioitu lukuaika":"1 minuutti"},"schema":{"@context":"https:\/\/schema.org","@graph":[{"@type":"WebPage","@id":"https:\/\/meripelastus.fi\/uusikaupunki\/toiminta\/60-v-juhlat\/","url":"https:\/\/meripelastus.fi\/uusikaupunki\/toiminta\/60-v-juhlat\/","name":"60 v. juhlat - Uudenkaupungin Meripelastajat","isPartOf":{"@id":"https:\/\/meripelastus.fi\/uusikaupunki\/#website"},"primaryImageOfPage":{"@id":"https:\/\/meripelastus.fi\/uusikaupunki\/toiminta\/60-v-juhlat\/#primaryimage"},"image":{"@id":"https:\/\/meripelastus.fi\/uusikaupunki\/toiminta\/60-v-juhlat\/#primaryimage"},"thumbnailUrl":"https:\/\/meripelastus.fi\/uusikaupunki\/wp-content\/uploads\/sites\/17\/2019\/05\/PJ_avauspuhe-1024x686.jpg","datePublished":"2019-05-16T08:12:53+00:00","dateModified":"2019-05-17T14:52:58+00:00","breadcrumb":{"@id":"https:\/\/meripelastus.fi\/uusikaupunki\/toiminta\/60-v-juhlat\/#breadcrumb"},"inLanguage":"fi","potentialAction":[{"@type":"ReadAction","target":["https:\/\/meripelastus.fi\/uusikaupunki\/toiminta\/60-v-juhlat\/"]}]},{"@type":"ImageObject","inLanguage":"fi","@id":"https:\/\/meripelastus.fi\/uusikaupunki\/toiminta\/60-v-juhlat\/#primaryimage","url":"https:\/\/meripelastus.fi\/uusikaupunki\/wp-content\/uploads\/sites\/17\/2019\/05\/PJ_avauspuhe.jpg","contentUrl":"https:\/\/meripelastus.fi\/uusikaupunki\/wp-content\/uploads\/sites\/17\/2019\/05\/PJ_avauspuhe.jpg","width":1195,"height":800},{"@type":"BreadcrumbList","@id":"https:\/\/meripelastus.fi\/uusikaupunki\/toiminta\/60-v-juhlat\/#breadcrumb","itemListElement":[{"@type":"ListItem","position":1,"name":"Etusivu","item":"https:\/\/meripelastus.fi\/uusikaupunki\/"},{"@type":"ListItem","position":2,"name":"Toiminta","item":"https:\/\/meripelastus.fi\/uusikaupunki\/toiminta\/"},{"@type":"ListItem","position":3,"name":"60 v. juhlat"}]},{"@type":"WebSite","@id":"https:\/\/meripelastus.fi\/uusikaupunki\/#website","url":"https:\/\/meripelastus.fi\/uusikaupunki\/","name":"Uudenkaupungin Meripelastajat","description":"Vapaaehtoiset apunasi vesill\u00e4","potentialAction":[{"@type":"SearchAction","target":{"@type":"EntryPoint","urlTemplate":"https:\/\/meripelastus.fi\/uusikaupunki\/?s={search_term_string}"},"query-input":{"@type":"PropertyValueSpecification","valueRequired":true,"valueName":"search_term_string"}}],"inLanguage":"fi"}]}},"_links":{"self":[{"href":"https:\/\/meripelastus.fi\/uusikaupunki\/wp-json\/wp\/v2\/pages\/316","targetHints":{"allow":["GET"]}}],"collection":[{"href":"https:\/\/meripelastus.fi\/uusikaupunki\/wp-json\/wp\/v2\/pages"}],"about":[{"href":"https:\/\/meripelastus.fi\/uusikaupunki\/wp-json\/wp\/v2\/types\/page"}],"author":[{"embeddable":true,"href":"https:\/\/meripelastus.fi\/uusikaupunki\/wp-json\/wp\/v2\/users\/34"}],"replies":[{"embeddable":true,"href":"https:\/\/meripelastus.fi\/uusikaupunki\/wp-json\/wp\/v2\/comments?post=316"}],"version-history":[{"count":5,"href":"https:\/\/meripelastus.fi\/uusikaupunki\/wp-json\/wp\/v2\/pages\/316\/revisions"}],"predecessor-version":[{"id":335,"href":"https:\/\/meripelastus.fi\/uusikaupunki\/wp-json\/wp\/v2\/pages\/316\/revisions\/335"}],"up":[{"embeddable":true,"href":"https:\/\/meripelastus.fi\/uusikaupunki\/wp-json\/wp\/v2\/pages\/20"}],"wp:attachment":[{"href":"https:\/\/meripelastus.fi\/uusikaupunki\/wp-json\/wp\/v2\/media?parent=316"}],"curies":[{"name":"wp","href":"https:\/\/api.w.org\/{rel}","templated":true}]}}