{"version":"1.0","provider_name":"Suomen Meripelastusseura Etel\u00e4-Saimaa","provider_url":"https:\/\/meripelastus.fi\/lappeenranta","title":"Yhdistyksen p\u00e4ivystyskausi p\u00e4\u00e4ttyy","type":"rich","width":600,"height":338,"html":"<blockquote class=\"wp-embedded-content\" data-secret=\"M97b6or01P\"><a href=\"https:\/\/meripelastus.fi\/lappeenranta\/yhdistyksen-paivystyskausi-paattyy\/\">Yhdistyksen p\u00e4ivystyskausi p\u00e4\u00e4ttyy<\/a><\/blockquote><iframe sandbox=\"allow-scripts\" security=\"restricted\" src=\"https:\/\/meripelastus.fi\/lappeenranta\/yhdistyksen-paivystyskausi-paattyy\/embed\/#?secret=M97b6or01P\" width=\"600\" height=\"338\" title=\"&#8221;Yhdistyksen p\u00e4ivystyskausi p\u00e4\u00e4ttyy&#8221; &#8212; Suomen Meripelastusseura Etel\u00e4-Saimaa\" data-secret=\"M97b6or01P\" frameborder=\"0\" marginwidth=\"0\" marginheight=\"0\" scrolling=\"no\" class=\"wp-embedded-content\"><\/iframe><script>\n\/*! This file is auto-generated *\/\n!function(d,l){\"use strict\";l.querySelector&&d.addEventListener&&\"undefined\"!=typeof URL&&(d.wp=d.wp||{},d.wp.receiveEmbedMessage||(d.wp.receiveEmbedMessage=function(e){var t=e.data;if((t||t.secret||t.message||t.value)&&!\/[^a-zA-Z0-9]\/.test(t.secret)){for(var s,r,n,a=l.querySelectorAll('iframe[data-secret=\"'+t.secret+'\"]'),o=l.querySelectorAll('blockquote[data-secret=\"'+t.secret+'\"]'),c=new RegExp(\"^https?:$\",\"i\"),i=0;i<o.length;i++)o[i].style.display=\"none\";for(i=0;i<a.length;i++)s=a[i],e.source===s.contentWindow&&(s.removeAttribute(\"style\"),\"height\"===t.message?(1e3<(r=parseInt(t.value,10))?r=1e3:~~r<200&&(r=200),s.height=r):\"link\"===t.message&&(r=new URL(s.getAttribute(\"src\")),n=new URL(t.value),c.test(n.protocol))&&n.host===r.host&&l.activeElement===s&&(d.top.location.href=t.value))}},d.addEventListener(\"message\",d.wp.receiveEmbedMessage,!1),l.addEventListener(\"DOMContentLoaded\",function(){for(var e,t,s=l.querySelectorAll(\"iframe.wp-embedded-content\"),r=0;r<s.length;r++)(t=(e=s[r]).getAttribute(\"data-secret\"))||(t=Math.random().toString(36).substring(2,12),e.src+=\"#?secret=\"+t,e.setAttribute(\"data-secret\",t)),e.contentWindow.postMessage({message:\"ready\",secret:t},\"*\")},!1)))}(window,document);\n\/\/# sourceURL=https:\/\/meripelastus.fi\/lappeenranta\/wp-includes\/js\/wp-embed.min.js\n<\/script>\n","thumbnail_url":"https:\/\/meripelastus.fi\/lappeenranta\/wp-content\/uploads\/sites\/6\/2020\/12\/WhatsApp-Image-2020-12-07-at-10.20.10.jpeg","thumbnail_width":1024,"thumbnail_height":768,"description":"Suomen Meripelastusseura Etel\u00e4-Saimaan p\u00e4ivystyskausi 2020 on p\u00e4\u00e4ttynyt. PV Willimies on talvitelakoitu 7.12, AV Kaukas jo viikkoa aiemmin. Kulunut kausi on ollut monessa mieless\u00e4 erikoinen johtuen koronakriisist\u00e4, mutta t\u00e4st\u00e4 huolimatta kausi saatiin viety\u00e4 l\u00e4pi kuitenkin kohtuullisen sujuvasti. Koronakriisi n\u00e4kyi vapaaehtoisessa meripelastustoiminnassa etel\u00e4isell\u00e4 Saimaalla l\u00e4hinn\u00e4 v\u00e4lillisesti: Miehist\u00f6nj\u00e4senemme pysyiv\u00e4t terveen\u00e4, eik\u00e4 teht\u00e4vill\u00e4 jouduttu kohtaamaan koronaan sairastuneita asiakkaita. Etenkin [&hellip;]"}